{"id":2916,"date":"2024-01-08T14:29:23","date_gmt":"2024-01-08T13:29:23","guid":{"rendered":"https:\/\/ida.bs.katowice.pl\/?page_id=2916"},"modified":"2024-01-11T14:23:01","modified_gmt":"2024-01-11T13:23:01","slug":"plenery","status":"publish","type":"page","link":"https:\/\/ida.bs.katowice.pl\/index.php\/plenery\/","title":{"rendered":"Plenery"},"content":{"rendered":"<blockquote>\r\n<p style=\"text-align: center;\">Celem naszych plener\u00f3w, kt\u00f3rego uczestnikami s\u0105 \u015bl\u0105scy architekci, historycy sztuki, fotograficy oraz pracownicy naukowi i studenci, jest nie tylko powr\u00f3t do dobrej tradycji rysowania odr\u0119cznego, b\u0119d\u0105cego domen\u0105 tego zawodu, lecz tak\u017ce utrwalenie za pomoc\u0105 kredki, o\u0142\u00f3wka czy farb wyj\u0105tkowych obiekt\u00f3w architektonicznych i malowniczych pejza\u017cy.<\/p>\r\n<\/blockquote>\r\n<p>&nbsp;<\/p>\r\n<!--?php echo do_shortcode(\"[origincode_videogallery id='1']\"); ?-->\r\n<p><\/p>\r\n<div class=\"entry-content\">\r\n<div class=\"wbg-main-wrapper wbg-product-column-3 wbg-product-column-mobile-1\">\r\n<div class=\"wbg-item\"><a class=\"wgb-item-link\" href=\"https:\/\/ida.bs.katowice.pl\/index.php\/plenery\/plener-debowiec-2018\/\"> <img decoding=\"async\" src=\"https:\/\/ida.bs.katowice.pl\/wp-content\/uploads\/2024\/01\/Plener.Debowiec.2018-1.png\" alt=\"Ok\u0142adka 1. Pleneru w D\u0119bowcu\" width=\"200\"> D\u0119bowiec \u2013 \u201ema\u0142e centrum \u015bwiata\u201d \u015al\u0105ska Cieszy\u0144skiego<\/a>\r\n<div class=\"wbg-description-content is-layout-flow wp-block-group-is-layout-flow\"><div class=\"wp-block-group__inner-container\">\r\n<p style=\"text-align: left;\" align=\"justify\">Pierwszy plener architektoniczno-historyczny w miejscowo\u015bci D\u0119bowiec, zorganizowany zosta\u0142 na pocz\u0105tku wrze\u015bnia 2018 roku przez nasz Instytut wraz z Wydzia\u0142em Architektury Politechniki \u015al\u0105skiej. Uczestnikami pleneru byli architekci, historycy sztuki, fotograficy oraz pracownicy naukowi i studenci.<\/p>\r\n<\/div>\r\n<div>&nbsp;<\/div>\r\n<\/div>\r\n<div class=\"wbg-item\"><a class=\"wgb-item-link\" href=\"https:\/\/ida.bs.katowice.pl\/index.php\/plenery\/plener-gorki-wielkie-2019\/\"> <img decoding=\"async\" src=\"https:\/\/ida.bs.katowice.pl\/wp-content\/uploads\/2024\/01\/Plener.Gorki_.2019.png\" alt=\"Ok\u0142adka 2. Pleneru w G\u00f3rkach Wielkich \" width=\"200\"> W G\u00f3rkach Wielkich \u2013 u Kossak\u00f3w <\/a>\r\n<div class=\"wbg-description-content\">\r\n<p style=\"text-align: left;\" align=\"justify\">Na drugi z naszych plener\u00f3w udali\u015bmy si\u0119 w 2019 roku do G\u00f3rek Wielkich gdzie zastali\u015bmy wyj\u0105tkowe obiekty jak Dw\u00f3r Kossak\u00f3w, stara gorzelnia, przedwojenna stanica harcerska, ko\u015bcio\u0142y, chata chlebowa, modernistyczna willa, sanatorium na Buczu i inne obiekty tworz\u0105ce historyczne, architektoniczne i kulturalne dziedzictwo tej cz\u0119\u015bci \u015al\u0105ska Cieszy\u0144skiego \u2013 zas\u0142uguj\u0105ce na nasz\u0105 uwag\u0119 i artystyczn\u0105 kresk\u0119.<\/p>\r\n<\/div>\r\n<div>&nbsp;<\/div>\r\n<\/div>\r\n<div class=\"wbg-item\"><a class=\"wgb-item-link\" href=\"https:\/\/ida.bs.katowice.pl\/index.php\/plenery\/plener-zloty-potok-2023\/\"> <img decoding=\"async\" src=\"https:\/\/ida.bs.katowice.pl\/wp-content\/uploads\/2023\/06\/zloty.potok_.png\" alt=\"Ok\u0142adka 3. Pleneru w Z\u0142otym Potoku\" width=\"200\"> Architekci w Z\u0142otym Potoku<\/a>\r\n<div class=\"wbg-description-content\">\r\n<p style=\"text-align: left;\" align=\"justify\">W maju 2023 odby\u0142 si\u0119 trzeci historyczno-architektoniczny plener zorganizowany przez nasz Instytut we wsp\u00f3\u0142pracy z Wydzia\u0142em Architektury Politechniki \u015al\u0105skiej, tym razem miejscem naszego pleneru by\u0142 Z\u0142oty Potok i jego malownicze obiekty:\u00a0pa\u0142ac Raczy\u0144skich, dworek Zygmunta Krasi\u0144skiego, ko\u015bci\u00f3\u0142 \u015bw. Jana Chrzciciela, organist\u00f3wka, odchodz\u0105cy w przesz\u0142o\u015b\u0107 m\u0142yn Ko\u0142aczew, dworek Jokielaska\u0142a \u201eDiabelskie Mosty\u201d, staw Irydion, rzeka Wiercica, ostaniec skalny \u201dBrama Twardowskiego\u201d i wiele innych. <\/p>\r\n<div>&nbsp;<\/div>\r\n<\/div>\r\n<\/div>\r\n<\/div>\r\n<\/div><\/div><style class=\"advgb-styles-renderer\"><span style=\"display: inline-block; width: 0px; overflow: hidden; line-height: 0;\" data-mce-type=\"bookmark\" class=\"mce_SELRES_start\">\ufeff<\/span><span style=\"display: inline-block; width: 0px; overflow: hidden; line-height: 0;\" data-mce-type=\"bookmark\" class=\"mce_SELRES_start\">\ufeff<\/span><span style=\"display: inline-block; width: 0px; overflow: hidden; line-height: 0;\" data-mce-type=\"bookmark\" class=\"mce_SELRES_start\">\ufeff<\/span><span style=\"display: inline-block; width: 0px; overflow: hidden; line-height: 0;\" data-mce-type=\"bookmark\" class=\"mce_SELRES_start\">\ufeff<\/span><span style=\"display: inline-block; width: 0px; overflow: hidden; line-height: 0;\" data-mce-type=\"bookmark\" class=\"mce_SELRES_start\">\ufeff<\/span><span style=\"display: inline-block; width: 0px; overflow: hidden; line-height: 0;\" data-mce-type=\"bookmark\" class=\"mce_SELRES_start\"><span style=\"display: inline-block; width: 0px; overflow: hidden; line-height: 0;\" data-mce-type=\"bookmark\" class=\"mce_SELRES_start\">\ufeff<\/span>\ufeff<\/span><br \/>.button {<br \/>  background-color: #4CAF50; \/* Green *\/<br \/>  border: none;<br \/>  color: white;<br \/>  padding: 15px 32px;<br \/>  text-align: center;<br \/>  text-decoration: none;<br \/>  display: inline-block;<br \/>  font-size: 16px;<br \/>  margin: 4px 2px;<br \/>  cursor: pointer;<br \/>}<br \/>.button3 {background-color: #ff2600;} \/* Red *\/<br \/>\r\n  .wbg-search-container .wbg-search-item .submit-btn {<br \/>    background: <span style=\"display: inline-block; width: 0px; overflow: hidden; line-height: 0;\" data-mce-type=\"bookmark\" class=\"mce_SELRES_start\">\ufeff<\/span>#ff7e00<span style=\"display: inline-block; width: 0px; overflow: hidden; line-height: 0;\" data-mce-type=\"bookmark\" class=\"mce_SELRES_end\">\ufeff<\/span>;<br \/>    box-shadow: 0 3px 0px 0.5px #dd9933;<br \/>    color: #000000;<br \/>  }<br \/>  .wbg-main-wrapper .wbg-item {<br \/>    border: 1px solid #DDDDDD;<br \/>    background-color: #FFFFFF;<br \/>  }<br \/>  .wbg-main-wrapper .wbg-item img {<br \/>    width: auto !important;<br \/>    height: 150px !important;<br \/>  }<br \/>  .wbg-main-wrapper .wbg-item img:hover {<br \/>      }<br \/>  .wbg-main-wrapper .wbg-item a.wbg-btn {<br \/>    background: #ff0000 !important;<br \/>    color: #FFFFFF !important;<br \/>  }<br \/>  .wbg-main-wrapper .wb<span style=\"display: inline-block; width: 0px; overflow: hidden; line-height: 0;\" data-mce-type=\"bookmark\" class=\"mce_SELRES_start\">\ufeff<\/span>g-item .wgb-item-link {<br \/>    color: <span style=\"display: inline-block; width: 0px; overflow: hidden; line-height: 0;\" data-mce-type=\"bookmark\" class=\"mce_SELRES_start\">\ufeff<\/span>#242424<span style=\"display: inline-block; width: 0px; overflow: hidden; line-height: 0;\" data-mce-type=\"bookmark\" class=\"mce_SELRES_end\">\ufeff<\/span> !important;<br \/>    font-size: 12px !important;<br \/>  }<br \/>  .wbg-main-wrapper .wbg-item .wgb-item-link:hover {<br \/>    color: #999999 !important;<br \/>  }<br \/>  .wbg-main-wrapper .wbg-item .wbg-description-content {<br \/>    font-size: 12px !important;<br \/>    color: #242424 !important;<br \/>  }<\/p>\r\n<p>  @-webkit-keyframes rotation {<br \/>        from {<br \/>                -webkit-transform: rotate(0deg);<br \/>        }<br \/>        to {<br \/>                -webkit-transform: rotate(360deg);<br \/>        }<br \/>  }<br \/><\/style>","protected":false},"excerpt":{"rendered":"<p>Celem naszych plener\u00f3w, kt\u00f3rego uczestnikami s\u0105 \u015bl\u0105scy architekci, historycy sztuki, fotograficy oraz pracownicy naukowi i studenci, jest nie tylko powr\u00f3t do dobrej tradycji rysowania odr\u0119cznego, b\u0119d\u0105cego domen\u0105 tego zawodu, lecz tak\u017ce utrwalenie za pomoc\u0105 kredki,<a class=\"read-more\" href=\"https:\/\/ida.bs.katowice.pl\/index.php\/plenery\/\">Continue reading<\/a><\/p>\n","protected":false},"author":7,"featured_media":0,"parent":0,"menu_order":0,"comment_status":"closed","ping_status":"closed","template":"page-templates\/page_fullwidth.php","meta":{"advgb_blocks_editor_width":"","advgb_blocks_columns_visual_guide":"","ngg_post_thumbnail":0,"footnotes":""},"class_list":["post-2916","page","type-page","status-publish","hentry"],"coauthors":[],"author_meta":{"author_link":"https:\/\/ida.bs.katowice.pl\/index.php\/author\/peczakm\/","display_name":"Marek P\u0119czak"},"relative_dates":{"created":"Opublikowano 3 lata temu","modified":"Zaktualizowano 3 lata temu"},"absolute_dates":{"created":"Opublikowano 8 stycznia 2024","modified":"Zaktualizowano 11 stycznia 2024"},"absolute_dates_time":{"created":"Opublikowano 8 stycznia 2024 14:29","modified":"Zaktualizowano 11 stycznia 2024 14:23"},"featured_img_caption":"","featured_img":false,"series_order":"","_links":{"self":[{"href":"https:\/\/ida.bs.katowice.pl\/index.php\/wp-json\/wp\/v2\/pages\/2916","targetHints":{"allow":["GET"]}}],"collection":[{"href":"https:\/\/ida.bs.katowice.pl\/index.php\/wp-json\/wp\/v2\/pages"}],"about":[{"href":"https:\/\/ida.bs.katowice.pl\/index.php\/wp-json\/wp\/v2\/types\/page"}],"author":[{"embeddable":true,"href":"https:\/\/ida.bs.katowice.pl\/index.php\/wp-json\/wp\/v2\/users\/7"}],"replies":[{"embeddable":true,"href":"https:\/\/ida.bs.katowice.pl\/index.php\/wp-json\/wp\/v2\/comments?post=2916"}],"version-history":[{"count":24,"href":"https:\/\/ida.bs.katowice.pl\/index.php\/wp-json\/wp\/v2\/pages\/2916\/revisions"}],"predecessor-version":[{"id":2999,"href":"https:\/\/ida.bs.katowice.pl\/index.php\/wp-json\/wp\/v2\/pages\/2916\/revisions\/2999"}],"wp:attachment":[{"href":"https:\/\/ida.bs.katowice.pl\/index.php\/wp-json\/wp\/v2\/media?parent=2916"}],"curies":[{"name":"wp","href":"https:\/\/api.w.org\/{rel}","templated":true}]}}